{"id":7886,"date":"2026-08-14T11:51:13","date_gmt":"2026-08-14T09:51:13","guid":{"rendered":"https:\/\/terresfestival.com\/?post_type=mec-events&#038;p=7886"},"modified":"2026-08-14T11:59:59","modified_gmt":"2026-08-14T09:59:59","slug":"projeccio-documental-%c2%b7-historia-i-patrimoni-%c2%b7-canalla-el-pom-de-dalt","status":"publish","type":"mec-events","link":"https:\/\/terresfestival.com\/es\/events\/projeccio-documental-%c2%b7-historia-i-patrimoni-%c2%b7-canalla-el-pom-de-dalt\/","title":{"rendered":"Proyecci\u00f3n Documental \u00b7 Historia y Patrimonio \u00b7 \u00abCanalla. El pom de dalt\u00bb"},"content":{"rendered":"<p data-start=\"1711\" data-end=\"1982\"><strong data-start=\"1711\" data-end=\"1746\">\u00abCanalla. El pom de dalt\u00bb (59\u2019)<\/strong> es un documental finalista de la <strong data-start=\"1780\" data-end=\"1827\">Competici\u00f3n Oficial \u00b7 Historia y Patrimonio<\/strong> que se adentra en el mundo de los <strong data-start=\"1862\" data-end=\"1874\">castells<\/strong> a trav\u00e9s de los ni\u00f1os y ni\u00f1as que ocupan la parte m\u00e1s alta de estas construcciones humanas: el pom de dalt.<\/p>\n<p data-start=\"1984\" data-end=\"2343\">El film sigue a tres collas castelleras a lo largo de una temporada y muestra la exigencia f\u00edsica y emocional que implica llegar a lo m\u00e1s alto de un castell. Son ni\u00f1os y ni\u00f1as que aprenden a dominar su cuerpo, gestionar el miedo y las emociones y confiar en los dem\u00e1s, pero que tambi\u00e9n deben afrontar momentos dif\u00edciles y, en algunos casos, accidentes graves.<\/p>\n<p data-start=\"2345\" data-end=\"2704\">M\u00e1s all\u00e1 de la t\u00e9cnica castellera, el documental muestra los <strong data-start=\"2406\" data-end=\"2467\">valores de comunidad, generosidad, confianza y superaci\u00f3n<\/strong> que se transmiten dentro de una colla, as\u00ed como las experiencias que esta tradici\u00f3n ofrece a los m\u00e1s peque\u00f1os: relacionarse con personas de diferentes edades y or\u00edgenes, viajar y formar parte de una historia y una identidad compartidas.<\/p>\n<p data-start=\"2706\" data-end=\"2903\">Una mirada a los castells desde la perspectiva de sus protagonistas m\u00e1s peque\u00f1os y a una tradici\u00f3n que, generaci\u00f3n tras generaci\u00f3n, contin\u00faa construyendo <strong data-start=\"2860\" data-end=\"2902\">comunidad, identidad y patrimonio vivo<\/strong>.<\/p>\n<p data-start=\"2905\" data-end=\"2985\"><strong data-start=\"2905\" data-end=\"2919\">Direcci\u00f3n:<\/strong> Jordi Sacrist\u00e1n.<br data-start=\"2936\" data-end=\"2939\" \/><strong data-start=\"2939\" data-end=\"2954\">Producci\u00f3n:<\/strong> La Xarxa de Comunicaci\u00f3 Local.<\/p>\n<p data-start=\"2987\" data-end=\"3010\"><strong data-start=\"2987\" data-end=\"3010\">Actividad gratuita.<\/strong><\/p>","protected":false},"excerpt":{"rendered":"<p>\u00abCanalla. El pom de dalt\u00bb (59\u2019) es un documental finalista de la Competici\u00f3n Oficial \u00b7 Historia y Patrimonio que se adentra en el mundo de los castells a trav\u00e9s de los ni\u00f1os y ni\u00f1as que ocupan la parte m\u00e1s alta de estas construcciones humanas: el pom de dalt. El film sigue a tres collas castelleras [&#8230;]\n","protected":false},"author":138,"featured_media":7803,"comment_status":"closed","ping_status":"closed","template":"","tags":[],"mec_category":[62],"class_list":["post-7886","mec-events","type-mec-events","status-publish","has-post-thumbnail","hentry","mec_category-festival"],"yoast_head":"<!-- This site is optimized with the Yoast SEO plugin v27.0 - https:\/\/yoast.com\/product\/yoast-seo-wordpress\/ -->\n<title>Proyecci\u00f3n Documental \u00b7 Historia y Patrimonio \u00b7 \u00abCanalla. El pom de dalt\u00bb | Terres Festival<\/title>\n<meta name=\"robots\" content=\"index, follow, max-snippet:-1, max-image-preview:large, max-video-preview:-1\" \/>\n<link rel=\"canonical\" href=\"https:\/\/terresfestival.com\/es\/events\/projeccio-documental-\u00b7-historia-i-patrimoni-\u00b7-canalla-el-pom-de-dalt\/\" \/>\n<meta property=\"og:locale\" content=\"es_ES\" \/>\n<meta property=\"og:type\" content=\"article\" \/>\n<meta property=\"og:title\" content=\"Proyecci\u00f3n Documental \u00b7 Historia y Patrimonio \u00b7 \u00abCanalla. El pom de dalt\u00bb | Terres Festival\" \/>\n<meta property=\"og:description\" content=\"\u00abCanalla. El pom de dalt\u00bb (59\u2019) es un documental finalista de la Competici\u00f3n Oficial \u00b7 Historia y Patrimonio que se adentra en el mundo de los castells a trav\u00e9s de los ni\u00f1os y ni\u00f1as que ocupan la parte m\u00e1s alta de estas construcciones humanas: el pom de dalt. El film sigue a tres collas castelleras [...]\" \/>\n<meta property=\"og:url\" content=\"https:\/\/terresfestival.com\/es\/events\/projeccio-documental-\u00b7-historia-i-patrimoni-\u00b7-canalla-el-pom-de-dalt\/\" \/>\n<meta property=\"og:site_name\" content=\"Terres Festival\" \/>\n<meta property=\"article:modified_time\" content=\"2026-08-14T09:59:59+00:00\" \/>\n<meta property=\"og:image\" content=\"https:\/\/terresfestival.com\/wp-content\/uploads\/sites\/3\/2026\/08\/20260916_2_Documental_2.jpg\" \/>\n\t<meta property=\"og:image:width\" content=\"960\" \/>\n\t<meta property=\"og:image:height\" content=\"1200\" \/>\n\t<meta property=\"og:image:type\" content=\"image\/jpeg\" \/>\n<meta name=\"twitter:card\" content=\"summary_large_image\" \/>\n<meta name=\"twitter:label1\" content=\"Tiempo de lectura\" \/>\n\t<meta name=\"twitter:data1\" content=\"2 minutos\" \/>\n<script type=\"application\/ld+json\" class=\"yoast-schema-graph\">{\"@context\":\"https:\/\/schema.org\",\"@graph\":[{\"@type\":\"WebPage\",\"@id\":\"https:\/\/terresfestival.com\/es\/events\/projeccio-documental-%c2%b7-historia-i-patrimoni-%c2%b7-canalla-el-pom-de-dalt\/\",\"url\":\"https:\/\/terresfestival.com\/es\/events\/projeccio-documental-%c2%b7-historia-i-patrimoni-%c2%b7-canalla-el-pom-de-dalt\/\",\"name\":\"Proyecci\u00f3n Documental \u00b7 Historia y Patrimonio \u00b7 \u00abCanalla. El pom de dalt\u00bb | Terres Festival\",\"isPartOf\":{\"@id\":\"https:\/\/terresfestival.com\/es\/#website\"},\"primaryImageOfPage\":{\"@id\":\"https:\/\/terresfestival.com\/es\/events\/projeccio-documental-%c2%b7-historia-i-patrimoni-%c2%b7-canalla-el-pom-de-dalt\/#primaryimage\"},\"image\":{\"@id\":\"https:\/\/terresfestival.com\/events\/projeccio-documental-%c2%b7-historia-i-patrimoni-%c2%b7-canalla-el-pom-de-dalt\/#primaryimage\"},\"thumbnailUrl\":\"https:\/\/terresfestival.com\/wp-content\/uploads\/sites\/3\/2026\/08\/20260916_2_Documental_2.jpg\",\"datePublished\":\"2026-08-14T09:51:13+00:00\",\"dateModified\":\"2026-08-14T09:59:59+00:00\",\"breadcrumb\":{\"@id\":\"https:\/\/terresfestival.com\/es\/events\/projeccio-documental-%c2%b7-historia-i-patrimoni-%c2%b7-canalla-el-pom-de-dalt\/#breadcrumb\"},\"inLanguage\":\"es\",\"potentialAction\":[{\"@type\":\"ReadAction\",\"target\":[[\"https:\/\/terresfestival.com\/es\/events\/projeccio-documental-%c2%b7-historia-i-patrimoni-%c2%b7-canalla-el-pom-de-dalt\/\"]]}]},{\"@type\":\"ImageObject\",\"inLanguage\":\"es\",\"@id\":\"https:\/\/terresfestival.com\/es\/events\/projeccio-documental-%c2%b7-historia-i-patrimoni-%c2%b7-canalla-el-pom-de-dalt\/#primaryimage\",\"url\":\"https:\/\/terresfestival.com\/wp-content\/uploads\/sites\/3\/2026\/08\/20260916_2_Documental_2.jpg\",\"contentUrl\":\"https:\/\/terresfestival.com\/wp-content\/uploads\/sites\/3\/2026\/08\/20260916_2_Documental_2.jpg\",\"width\":960,\"height\":1200},{\"@type\":\"BreadcrumbList\",\"@id\":\"https:\/\/terresfestival.com\/es\/events\/projeccio-documental-%c2%b7-historia-i-patrimoni-%c2%b7-canalla-el-pom-de-dalt\/#breadcrumb\",\"itemListElement\":[{\"@type\":\"ListItem\",\"position\":1,\"name\":\"Portada\",\"item\":\"https:\/\/terresfestival.com\/es\/\"},{\"@type\":\"ListItem\",\"position\":2,\"name\":\"Events\",\"item\":\"https:\/\/terresfestival.com\/es\/events\/\"},{\"@type\":\"ListItem\",\"position\":3,\"name\":\"Projecci\u00f3 documental \u00b7 Hist\u00f2ria i Patrimoni \u00b7 \u00abCanalla. El pom de dalt\u00bb\"}]},{\"@type\":\"WebSite\",\"@id\":\"https:\/\/terresfestival.com\/es\/#website\",\"url\":\"https:\/\/terresfestival.com\/es\/\",\"name\":\"Terres Festival\",\"description\":\"TERRES TRAVEL FESTIVAL - FILMS &amp; CREATIVITY\",\"publisher\":{\"@id\":\"https:\/\/terresfestival.com\/es\/#organization\"},\"potentialAction\":[{\"@type\":\"SearchAction\",\"target\":{\"@type\":\"EntryPoint\",\"urlTemplate\":\"https:\/\/terresfestival.com\/es\/?s={search_term_string}\"},\"query-input\":{\"@type\":\"PropertyValueSpecification\",\"valueRequired\":true,\"valueName\":\"search_term_string\"}}],\"inLanguage\":\"es\"},{\"@type\":\"Organization\",\"@id\":\"https:\/\/terresfestival.com\/es\/#organization\",\"name\":\"Terres Festival\",\"url\":\"https:\/\/terresfestival.com\/es\/\",\"logo\":{\"@type\":\"ImageObject\",\"inLanguage\":\"es\",\"@id\":\"https:\/\/terresfestival.com\/es\/#\/schema\/logo\/image\/\",\"url\":\"https:\/\/terresfestival.com\/wp-content\/uploads\/sites\/3\/2019\/04\/Logo_Terres.png\",\"contentUrl\":\"https:\/\/terresfestival.com\/wp-content\/uploads\/sites\/3\/2019\/04\/Logo_Terres.png\",\"width\":1157,\"height\":542,\"caption\":\"Terres Festival\"},\"image\":{\"@id\":\"https:\/\/terresfestival.com\/es\/#\/schema\/logo\/image\/\"}}]}<\/script>\n<!-- \/ Yoast SEO plugin. -->","yoast_head_json":{"title":"Proyecci\u00f3n Documental \u00b7 Historia y Patrimonio \u00b7 \u00abCanalla. El pom de dalt\u00bb | Terres Festival","robots":{"index":"index","follow":"follow","max-snippet":"max-snippet:-1","max-image-preview":"max-image-preview:large","max-video-preview":"max-video-preview:-1"},"canonical":"https:\/\/terresfestival.com\/es\/events\/projeccio-documental-\u00b7-historia-i-patrimoni-\u00b7-canalla-el-pom-de-dalt\/","og_locale":"es_ES","og_type":"article","og_title":"Proyecci\u00f3n Documental \u00b7 Historia y Patrimonio \u00b7 \u00abCanalla. El pom de dalt\u00bb | Terres Festival","og_description":"\u00abCanalla. El pom de dalt\u00bb (59\u2019) es un documental finalista de la Competici\u00f3n Oficial \u00b7 Historia y Patrimonio que se adentra en el mundo de los castells a trav\u00e9s de los ni\u00f1os y ni\u00f1as que ocupan la parte m\u00e1s alta de estas construcciones humanas: el pom de dalt. El film sigue a tres collas castelleras [...]","og_url":"https:\/\/terresfestival.com\/es\/events\/projeccio-documental-\u00b7-historia-i-patrimoni-\u00b7-canalla-el-pom-de-dalt\/","og_site_name":"Terres Festival","article_modified_time":"2026-08-14T09:59:59+00:00","og_image":[{"width":960,"height":1200,"url":"https:\/\/terresfestival.com\/wp-content\/uploads\/sites\/3\/2026\/08\/20260916_2_Documental_2.jpg","type":"image\/jpeg"}],"twitter_card":"summary_large_image","twitter_misc":{"Tiempo de lectura":"2 minutos"},"schema":{"@context":"https:\/\/schema.org","@graph":[{"@type":"WebPage","@id":"https:\/\/terresfestival.com\/es\/events\/projeccio-documental-%c2%b7-historia-i-patrimoni-%c2%b7-canalla-el-pom-de-dalt\/","url":"https:\/\/terresfestival.com\/es\/events\/projeccio-documental-%c2%b7-historia-i-patrimoni-%c2%b7-canalla-el-pom-de-dalt\/","name":"Proyecci\u00f3n Documental \u00b7 Historia y Patrimonio \u00b7 \u00abCanalla. El pom de dalt\u00bb | Terres Festival","isPartOf":{"@id":"https:\/\/terresfestival.com\/es\/#website"},"primaryImageOfPage":{"@id":"https:\/\/terresfestival.com\/es\/events\/projeccio-documental-%c2%b7-historia-i-patrimoni-%c2%b7-canalla-el-pom-de-dalt\/#primaryimage"},"image":{"@id":"https:\/\/terresfestival.com\/events\/projeccio-documental-%c2%b7-historia-i-patrimoni-%c2%b7-canalla-el-pom-de-dalt\/#primaryimage"},"thumbnailUrl":"https:\/\/terresfestival.com\/wp-content\/uploads\/sites\/3\/2026\/08\/20260916_2_Documental_2.jpg","datePublished":"2026-08-14T09:51:13+00:00","dateModified":"2026-08-14T09:59:59+00:00","breadcrumb":{"@id":"https:\/\/terresfestival.com\/es\/events\/projeccio-documental-%c2%b7-historia-i-patrimoni-%c2%b7-canalla-el-pom-de-dalt\/#breadcrumb"},"inLanguage":"es","potentialAction":[{"@type":"ReadAction","target":[["https:\/\/terresfestival.com\/es\/events\/projeccio-documental-%c2%b7-historia-i-patrimoni-%c2%b7-canalla-el-pom-de-dalt\/"]]}]},{"@type":"ImageObject","inLanguage":"es","@id":"https:\/\/terresfestival.com\/es\/events\/projeccio-documental-%c2%b7-historia-i-patrimoni-%c2%b7-canalla-el-pom-de-dalt\/#primaryimage","url":"https:\/\/terresfestival.com\/wp-content\/uploads\/sites\/3\/2026\/08\/20260916_2_Documental_2.jpg","contentUrl":"https:\/\/terresfestival.com\/wp-content\/uploads\/sites\/3\/2026\/08\/20260916_2_Documental_2.jpg","width":960,"height":1200},{"@type":"BreadcrumbList","@id":"https:\/\/terresfestival.com\/es\/events\/projeccio-documental-%c2%b7-historia-i-patrimoni-%c2%b7-canalla-el-pom-de-dalt\/#breadcrumb","itemListElement":[{"@type":"ListItem","position":1,"name":"Portada","item":"https:\/\/terresfestival.com\/es\/"},{"@type":"ListItem","position":2,"name":"Events","item":"https:\/\/terresfestival.com\/es\/events\/"},{"@type":"ListItem","position":3,"name":"Projecci\u00f3 documental \u00b7 Hist\u00f2ria i Patrimoni \u00b7 \u00abCanalla. El pom de dalt\u00bb"}]},{"@type":"WebSite","@id":"https:\/\/terresfestival.com\/es\/#website","url":"https:\/\/terresfestival.com\/es\/","name":"Terres Festival","description":"TERRES TRAVEL FESTIVAL - FILMS &amp; CREATIVITY","publisher":{"@id":"https:\/\/terresfestival.com\/es\/#organization"},"potentialAction":[{"@type":"SearchAction","target":{"@type":"EntryPoint","urlTemplate":"https:\/\/terresfestival.com\/es\/?s={search_term_string}"},"query-input":{"@type":"PropertyValueSpecification","valueRequired":true,"valueName":"search_term_string"}}],"inLanguage":"es"},{"@type":"Organization","@id":"https:\/\/terresfestival.com\/es\/#organization","name":"Terres Festival","url":"https:\/\/terresfestival.com\/es\/","logo":{"@type":"ImageObject","inLanguage":"es","@id":"https:\/\/terresfestival.com\/es\/#\/schema\/logo\/image\/","url":"https:\/\/terresfestival.com\/wp-content\/uploads\/sites\/3\/2019\/04\/Logo_Terres.png","contentUrl":"https:\/\/terresfestival.com\/wp-content\/uploads\/sites\/3\/2019\/04\/Logo_Terres.png","width":1157,"height":542,"caption":"Terres Festival"},"image":{"@id":"https:\/\/terresfestival.com\/es\/#\/schema\/logo\/image\/"}}]}},"_links":{"self":[{"href":"https:\/\/terresfestival.com\/es\/wp-json\/wp\/v2\/mec-events\/7886","targetHints":{"allow":["GET"]}}],"collection":[{"href":"https:\/\/terresfestival.com\/es\/wp-json\/wp\/v2\/mec-events"}],"about":[{"href":"https:\/\/terresfestival.com\/es\/wp-json\/wp\/v2\/types\/mec-events"}],"author":[{"embeddable":true,"href":"https:\/\/terresfestival.com\/es\/wp-json\/wp\/v2\/users\/138"}],"replies":[{"embeddable":true,"href":"https:\/\/terresfestival.com\/es\/wp-json\/wp\/v2\/comments?post=7886"}],"wp:featuredmedia":[{"embeddable":true,"href":"https:\/\/terresfestival.com\/es\/wp-json\/wp\/v2\/media\/7803"}],"wp:attachment":[{"href":"https:\/\/terresfestival.com\/es\/wp-json\/wp\/v2\/media?parent=7886"}],"wp:term":[{"taxonomy":"post_tag","embeddable":true,"href":"https:\/\/terresfestival.com\/es\/wp-json\/wp\/v2\/tags?post=7886"},{"taxonomy":"mec_category","embeddable":true,"href":"https:\/\/terresfestival.com\/es\/wp-json\/wp\/v2\/mec_category?post=7886"}],"curies":[{"name":"wp","href":"https:\/\/api.w.org\/{rel}","templated":true}]}}