{"id":7884,"date":"2026-08-14T11:47:44","date_gmt":"2026-08-14T09:47:44","guid":{"rendered":"https:\/\/terresfestival.com\/?post_type=mec-events&#038;p=7884"},"modified":"2026-08-14T11:57:10","modified_gmt":"2026-08-14T09:57:10","slug":"projeccio-curtmetratges-%c2%b7-preservacio-del-planeta-%c2%b7-tres-mirades-sobre-la-conservacio-de-la-natura","status":"publish","type":"mec-events","link":"https:\/\/terresfestival.com\/es\/events\/projeccio-curtmetratges-%c2%b7-preservacio-del-planeta-%c2%b7-tres-mirades-sobre-la-conservacio-de-la-natura\/","title":{"rendered":"Proyecci\u00f3n Cortometrajes \u00b7 Preservaci\u00f3n del Planeta \u00b7 Tres miradas sobre la conservaci\u00f3n de la naturaleza"},"content":{"rendered":"<p data-start=\"1872\" data-end=\"2055\">Una sesi\u00f3n que nos acerca a <strong data-start=\"1900\" data-end=\"1946\">tres realidades ambientales muy diferentes<\/strong>, desde la protecci\u00f3n de la fauna salvaje hasta la defensa de los oc\u00e9anos y la preservaci\u00f3n de los humedales.<\/p>\n<p data-start=\"2057\" data-end=\"2447\"><strong data-start=\"2057\" data-end=\"2134\">\u00abConserving a Species: One Rhino at a Time | Babanango Game Reserve\u00bb (3\u2019)<\/strong> nos muestra de cerca las labores de conservaci\u00f3n del rinoceronte en Sud\u00e1frica y el complejo trabajo de ec\u00f3logos, veterinarios y especialistas para reducir el riesgo de caza furtiva. Una mirada a la <strong data-start=\"2333\" data-end=\"2389\">conservaci\u00f3n activa y al trabajo cient\u00edfico y humano<\/strong> que hay detr\u00e1s de la protecci\u00f3n de una especie amenazada.<\/p>\n<p data-start=\"2449\" data-end=\"2815\"><strong data-start=\"2449\" data-end=\"2468\">\u00abSpoiled\u00bb (19\u2019)<\/strong> pone el foco en la lucha de comunidades locales, pescadores y organizaciones ambientales para proteger los oc\u00e9anos de Sud\u00e1frica frente a la expansi\u00f3n de la exploraci\u00f3n y extracci\u00f3n de petr\u00f3leo y gas. Un relato de <strong data-start=\"2682\" data-end=\"2721\">resistencia, compromiso y esperanza<\/strong> que reivindica la defensa de los ecosistemas marinos y de las personas que dependen de ellos.<\/p>\n<p data-start=\"2817\" data-end=\"3164\">Por \u00faltimo, <strong data-start=\"2829\" data-end=\"2849\">\u00abWetlands\u00bb (26\u2019)<\/strong> nos lleva hasta Polonia para descubrir el valor de los humedales, unos de los ecosistemas que desaparecen m\u00e1s r\u00e1pidamente del planeta. El documental reflexiona sobre el impacto de la transformaci\u00f3n de estos espacios y la necesidad de recuperarlos y protegerlos como <strong data-start=\"3116\" data-end=\"3163\">reservas esenciales de biodiversidad y agua<\/strong>.<\/p>\n<p data-start=\"3166\" data-end=\"3324\">Tres documentales que nos recuerdan que <strong data-start=\"3206\" data-end=\"3323\">preservar el planeta implica proteger especies, ecosistemas y tambi\u00e9n a las comunidades que forman parte de ellos<\/strong>.<\/p>\n<p data-start=\"3326\" data-end=\"3349\"><strong data-start=\"3326\" data-end=\"3349\">Actividad gratuita.<\/strong><\/p>","protected":false},"excerpt":{"rendered":"<p>Una sesi\u00f3n que nos acerca a tres realidades ambientales muy diferentes, desde la protecci\u00f3n de la fauna salvaje hasta la defensa de los oc\u00e9anos y la preservaci\u00f3n de los humedales. \u00abConserving a Species: One Rhino at a Time | Babanango Game Reserve\u00bb (3\u2019) nos muestra de cerca las labores de conservaci\u00f3n del rinoceronte en Sud\u00e1frica [&#8230;]\n","protected":false},"author":138,"featured_media":7802,"comment_status":"closed","ping_status":"closed","template":"","tags":[],"mec_category":[62],"class_list":["post-7884","mec-events","type-mec-events","status-publish","has-post-thumbnail","hentry","mec_category-festival"],"yoast_head":"<!-- This site is optimized with the Yoast SEO plugin v27.0 - https:\/\/yoast.com\/product\/yoast-seo-wordpress\/ -->\n<title>Proyecci\u00f3n Cortometrajes \u00b7 Preservaci\u00f3n del Planeta \u00b7 Tres miradas sobre la conservaci\u00f3n de la naturaleza | Terres Festival<\/title>\n<meta name=\"robots\" content=\"index, follow, max-snippet:-1, max-image-preview:large, max-video-preview:-1\" \/>\n<link rel=\"canonical\" href=\"https:\/\/terresfestival.com\/es\/events\/projeccio-curtmetratges-\u00b7-preservacio-del-planeta-\u00b7-tres-mirades-sobre-la-conservacio-de-la-natura\/\" \/>\n<meta property=\"og:locale\" content=\"es_ES\" \/>\n<meta property=\"og:type\" content=\"article\" \/>\n<meta property=\"og:title\" content=\"Proyecci\u00f3n Cortometrajes \u00b7 Preservaci\u00f3n del Planeta \u00b7 Tres miradas sobre la conservaci\u00f3n de la naturaleza | Terres Festival\" \/>\n<meta property=\"og:description\" content=\"Una sesi\u00f3n que nos acerca a tres realidades ambientales muy diferentes, desde la protecci\u00f3n de la fauna salvaje hasta la defensa de los oc\u00e9anos y la preservaci\u00f3n de los humedales. \u00abConserving a Species: One Rhino at a Time | Babanango Game Reserve\u00bb (3\u2019) nos muestra de cerca las labores de conservaci\u00f3n del rinoceronte en Sud\u00e1frica [...]\" \/>\n<meta property=\"og:url\" content=\"https:\/\/terresfestival.com\/es\/events\/projeccio-curtmetratges-\u00b7-preservacio-del-planeta-\u00b7-tres-mirades-sobre-la-conservacio-de-la-natura\/\" \/>\n<meta property=\"og:site_name\" content=\"Terres Festival\" \/>\n<meta property=\"article:modified_time\" content=\"2026-08-14T09:57:10+00:00\" \/>\n<meta property=\"og:image\" content=\"https:\/\/terresfestival.com\/wp-content\/uploads\/sites\/3\/2026\/08\/20260916_1_Documental_1.jpg\" \/>\n\t<meta property=\"og:image:width\" content=\"960\" \/>\n\t<meta property=\"og:image:height\" content=\"1200\" \/>\n\t<meta property=\"og:image:type\" content=\"image\/jpeg\" \/>\n<meta name=\"twitter:card\" content=\"summary_large_image\" \/>\n<meta name=\"twitter:label1\" content=\"Tiempo de lectura\" \/>\n\t<meta name=\"twitter:data1\" content=\"2 minutos\" \/>\n<script type=\"application\/ld+json\" class=\"yoast-schema-graph\">{\"@context\":\"https:\/\/schema.org\",\"@graph\":[{\"@type\":\"WebPage\",\"@id\":\"https:\/\/terresfestival.com\/es\/events\/projeccio-curtmetratges-%c2%b7-preservacio-del-planeta-%c2%b7-tres-mirades-sobre-la-conservacio-de-la-natura\/\",\"url\":\"https:\/\/terresfestival.com\/es\/events\/projeccio-curtmetratges-%c2%b7-preservacio-del-planeta-%c2%b7-tres-mirades-sobre-la-conservacio-de-la-natura\/\",\"name\":\"Proyecci\u00f3n Cortometrajes \u00b7 Preservaci\u00f3n del Planeta \u00b7 Tres miradas sobre la conservaci\u00f3n de la naturaleza | Terres Festival\",\"isPartOf\":{\"@id\":\"https:\/\/terresfestival.com\/es\/#website\"},\"primaryImageOfPage\":{\"@id\":\"https:\/\/terresfestival.com\/es\/events\/projeccio-curtmetratges-%c2%b7-preservacio-del-planeta-%c2%b7-tres-mirades-sobre-la-conservacio-de-la-natura\/#primaryimage\"},\"image\":{\"@id\":\"https:\/\/terresfestival.com\/events\/projeccio-curtmetratges-%c2%b7-preservacio-del-planeta-%c2%b7-tres-mirades-sobre-la-conservacio-de-la-natura\/#primaryimage\"},\"thumbnailUrl\":\"https:\/\/terresfestival.com\/wp-content\/uploads\/sites\/3\/2026\/08\/20260916_1_Documental_1.jpg\",\"datePublished\":\"2026-08-14T09:47:44+00:00\",\"dateModified\":\"2026-08-14T09:57:10+00:00\",\"breadcrumb\":{\"@id\":\"https:\/\/terresfestival.com\/es\/events\/projeccio-curtmetratges-%c2%b7-preservacio-del-planeta-%c2%b7-tres-mirades-sobre-la-conservacio-de-la-natura\/#breadcrumb\"},\"inLanguage\":\"es\",\"potentialAction\":[{\"@type\":\"ReadAction\",\"target\":[[\"https:\/\/terresfestival.com\/es\/events\/projeccio-curtmetratges-%c2%b7-preservacio-del-planeta-%c2%b7-tres-mirades-sobre-la-conservacio-de-la-natura\/\"]]}]},{\"@type\":\"ImageObject\",\"inLanguage\":\"es\",\"@id\":\"https:\/\/terresfestival.com\/es\/events\/projeccio-curtmetratges-%c2%b7-preservacio-del-planeta-%c2%b7-tres-mirades-sobre-la-conservacio-de-la-natura\/#primaryimage\",\"url\":\"https:\/\/terresfestival.com\/wp-content\/uploads\/sites\/3\/2026\/08\/20260916_1_Documental_1.jpg\",\"contentUrl\":\"https:\/\/terresfestival.com\/wp-content\/uploads\/sites\/3\/2026\/08\/20260916_1_Documental_1.jpg\",\"width\":960,\"height\":1200},{\"@type\":\"BreadcrumbList\",\"@id\":\"https:\/\/terresfestival.com\/es\/events\/projeccio-curtmetratges-%c2%b7-preservacio-del-planeta-%c2%b7-tres-mirades-sobre-la-conservacio-de-la-natura\/#breadcrumb\",\"itemListElement\":[{\"@type\":\"ListItem\",\"position\":1,\"name\":\"Portada\",\"item\":\"https:\/\/terresfestival.com\/es\/\"},{\"@type\":\"ListItem\",\"position\":2,\"name\":\"Events\",\"item\":\"https:\/\/terresfestival.com\/es\/events\/\"},{\"@type\":\"ListItem\",\"position\":3,\"name\":\"Projecci\u00f3 curtmetratges \u00b7 Preservaci\u00f3 del Planeta \u00b7 Tres mirades sobre la conservaci\u00f3 de la natura\"}]},{\"@type\":\"WebSite\",\"@id\":\"https:\/\/terresfestival.com\/es\/#website\",\"url\":\"https:\/\/terresfestival.com\/es\/\",\"name\":\"Terres Festival\",\"description\":\"TERRES TRAVEL FESTIVAL - FILMS &amp; CREATIVITY\",\"publisher\":{\"@id\":\"https:\/\/terresfestival.com\/es\/#organization\"},\"potentialAction\":[{\"@type\":\"SearchAction\",\"target\":{\"@type\":\"EntryPoint\",\"urlTemplate\":\"https:\/\/terresfestival.com\/es\/?s={search_term_string}\"},\"query-input\":{\"@type\":\"PropertyValueSpecification\",\"valueRequired\":true,\"valueName\":\"search_term_string\"}}],\"inLanguage\":\"es\"},{\"@type\":\"Organization\",\"@id\":\"https:\/\/terresfestival.com\/es\/#organization\",\"name\":\"Terres Festival\",\"url\":\"https:\/\/terresfestival.com\/es\/\",\"logo\":{\"@type\":\"ImageObject\",\"inLanguage\":\"es\",\"@id\":\"https:\/\/terresfestival.com\/es\/#\/schema\/logo\/image\/\",\"url\":\"https:\/\/terresfestival.com\/wp-content\/uploads\/sites\/3\/2019\/04\/Logo_Terres.png\",\"contentUrl\":\"https:\/\/terresfestival.com\/wp-content\/uploads\/sites\/3\/2019\/04\/Logo_Terres.png\",\"width\":1157,\"height\":542,\"caption\":\"Terres Festival\"},\"image\":{\"@id\":\"https:\/\/terresfestival.com\/es\/#\/schema\/logo\/image\/\"}}]}<\/script>\n<!-- \/ Yoast SEO plugin. -->","yoast_head_json":{"title":"Proyecci\u00f3n Cortometrajes \u00b7 Preservaci\u00f3n del Planeta \u00b7 Tres miradas sobre la conservaci\u00f3n de la naturaleza | Terres Festival","robots":{"index":"index","follow":"follow","max-snippet":"max-snippet:-1","max-image-preview":"max-image-preview:large","max-video-preview":"max-video-preview:-1"},"canonical":"https:\/\/terresfestival.com\/es\/events\/projeccio-curtmetratges-\u00b7-preservacio-del-planeta-\u00b7-tres-mirades-sobre-la-conservacio-de-la-natura\/","og_locale":"es_ES","og_type":"article","og_title":"Proyecci\u00f3n Cortometrajes \u00b7 Preservaci\u00f3n del Planeta \u00b7 Tres miradas sobre la conservaci\u00f3n de la naturaleza | Terres Festival","og_description":"Una sesi\u00f3n que nos acerca a tres realidades ambientales muy diferentes, desde la protecci\u00f3n de la fauna salvaje hasta la defensa de los oc\u00e9anos y la preservaci\u00f3n de los humedales. \u00abConserving a Species: One Rhino at a Time | Babanango Game Reserve\u00bb (3\u2019) nos muestra de cerca las labores de conservaci\u00f3n del rinoceronte en Sud\u00e1frica [...]","og_url":"https:\/\/terresfestival.com\/es\/events\/projeccio-curtmetratges-\u00b7-preservacio-del-planeta-\u00b7-tres-mirades-sobre-la-conservacio-de-la-natura\/","og_site_name":"Terres Festival","article_modified_time":"2026-08-14T09:57:10+00:00","og_image":[{"width":960,"height":1200,"url":"https:\/\/terresfestival.com\/wp-content\/uploads\/sites\/3\/2026\/08\/20260916_1_Documental_1.jpg","type":"image\/jpeg"}],"twitter_card":"summary_large_image","twitter_misc":{"Tiempo de lectura":"2 minutos"},"schema":{"@context":"https:\/\/schema.org","@graph":[{"@type":"WebPage","@id":"https:\/\/terresfestival.com\/es\/events\/projeccio-curtmetratges-%c2%b7-preservacio-del-planeta-%c2%b7-tres-mirades-sobre-la-conservacio-de-la-natura\/","url":"https:\/\/terresfestival.com\/es\/events\/projeccio-curtmetratges-%c2%b7-preservacio-del-planeta-%c2%b7-tres-mirades-sobre-la-conservacio-de-la-natura\/","name":"Proyecci\u00f3n Cortometrajes \u00b7 Preservaci\u00f3n del Planeta \u00b7 Tres miradas sobre la conservaci\u00f3n de la naturaleza | Terres Festival","isPartOf":{"@id":"https:\/\/terresfestival.com\/es\/#website"},"primaryImageOfPage":{"@id":"https:\/\/terresfestival.com\/es\/events\/projeccio-curtmetratges-%c2%b7-preservacio-del-planeta-%c2%b7-tres-mirades-sobre-la-conservacio-de-la-natura\/#primaryimage"},"image":{"@id":"https:\/\/terresfestival.com\/events\/projeccio-curtmetratges-%c2%b7-preservacio-del-planeta-%c2%b7-tres-mirades-sobre-la-conservacio-de-la-natura\/#primaryimage"},"thumbnailUrl":"https:\/\/terresfestival.com\/wp-content\/uploads\/sites\/3\/2026\/08\/20260916_1_Documental_1.jpg","datePublished":"2026-08-14T09:47:44+00:00","dateModified":"2026-08-14T09:57:10+00:00","breadcrumb":{"@id":"https:\/\/terresfestival.com\/es\/events\/projeccio-curtmetratges-%c2%b7-preservacio-del-planeta-%c2%b7-tres-mirades-sobre-la-conservacio-de-la-natura\/#breadcrumb"},"inLanguage":"es","potentialAction":[{"@type":"ReadAction","target":[["https:\/\/terresfestival.com\/es\/events\/projeccio-curtmetratges-%c2%b7-preservacio-del-planeta-%c2%b7-tres-mirades-sobre-la-conservacio-de-la-natura\/"]]}]},{"@type":"ImageObject","inLanguage":"es","@id":"https:\/\/terresfestival.com\/es\/events\/projeccio-curtmetratges-%c2%b7-preservacio-del-planeta-%c2%b7-tres-mirades-sobre-la-conservacio-de-la-natura\/#primaryimage","url":"https:\/\/terresfestival.com\/wp-content\/uploads\/sites\/3\/2026\/08\/20260916_1_Documental_1.jpg","contentUrl":"https:\/\/terresfestival.com\/wp-content\/uploads\/sites\/3\/2026\/08\/20260916_1_Documental_1.jpg","width":960,"height":1200},{"@type":"BreadcrumbList","@id":"https:\/\/terresfestival.com\/es\/events\/projeccio-curtmetratges-%c2%b7-preservacio-del-planeta-%c2%b7-tres-mirades-sobre-la-conservacio-de-la-natura\/#breadcrumb","itemListElement":[{"@type":"ListItem","position":1,"name":"Portada","item":"https:\/\/terresfestival.com\/es\/"},{"@type":"ListItem","position":2,"name":"Events","item":"https:\/\/terresfestival.com\/es\/events\/"},{"@type":"ListItem","position":3,"name":"Projecci\u00f3 curtmetratges \u00b7 Preservaci\u00f3 del Planeta \u00b7 Tres mirades sobre la conservaci\u00f3 de la natura"}]},{"@type":"WebSite","@id":"https:\/\/terresfestival.com\/es\/#website","url":"https:\/\/terresfestival.com\/es\/","name":"Terres Festival","description":"TERRES TRAVEL FESTIVAL - FILMS &amp; CREATIVITY","publisher":{"@id":"https:\/\/terresfestival.com\/es\/#organization"},"potentialAction":[{"@type":"SearchAction","target":{"@type":"EntryPoint","urlTemplate":"https:\/\/terresfestival.com\/es\/?s={search_term_string}"},"query-input":{"@type":"PropertyValueSpecification","valueRequired":true,"valueName":"search_term_string"}}],"inLanguage":"es"},{"@type":"Organization","@id":"https:\/\/terresfestival.com\/es\/#organization","name":"Terres Festival","url":"https:\/\/terresfestival.com\/es\/","logo":{"@type":"ImageObject","inLanguage":"es","@id":"https:\/\/terresfestival.com\/es\/#\/schema\/logo\/image\/","url":"https:\/\/terresfestival.com\/wp-content\/uploads\/sites\/3\/2019\/04\/Logo_Terres.png","contentUrl":"https:\/\/terresfestival.com\/wp-content\/uploads\/sites\/3\/2019\/04\/Logo_Terres.png","width":1157,"height":542,"caption":"Terres Festival"},"image":{"@id":"https:\/\/terresfestival.com\/es\/#\/schema\/logo\/image\/"}}]}},"_links":{"self":[{"href":"https:\/\/terresfestival.com\/es\/wp-json\/wp\/v2\/mec-events\/7884","targetHints":{"allow":["GET"]}}],"collection":[{"href":"https:\/\/terresfestival.com\/es\/wp-json\/wp\/v2\/mec-events"}],"about":[{"href":"https:\/\/terresfestival.com\/es\/wp-json\/wp\/v2\/types\/mec-events"}],"author":[{"embeddable":true,"href":"https:\/\/terresfestival.com\/es\/wp-json\/wp\/v2\/users\/138"}],"replies":[{"embeddable":true,"href":"https:\/\/terresfestival.com\/es\/wp-json\/wp\/v2\/comments?post=7884"}],"wp:featuredmedia":[{"embeddable":true,"href":"https:\/\/terresfestival.com\/es\/wp-json\/wp\/v2\/media\/7802"}],"wp:attachment":[{"href":"https:\/\/terresfestival.com\/es\/wp-json\/wp\/v2\/media?parent=7884"}],"wp:term":[{"taxonomy":"post_tag","embeddable":true,"href":"https:\/\/terresfestival.com\/es\/wp-json\/wp\/v2\/tags?post=7884"},{"taxonomy":"mec_category","embeddable":true,"href":"https:\/\/terresfestival.com\/es\/wp-json\/wp\/v2\/mec_category?post=7884"}],"curies":[{"name":"wp","href":"https:\/\/api.w.org\/{rel}","templated":true}]}}