{"version":"1.0","provider_name":"Terres Festival","provider_url":"https:\/\/terresfestival.com\/es","author_name":"santi","author_url":"https:\/\/terresfestival.com\/es\/author\/santi\/","title":"Proyecci\u00f3n Documental \u00b7 Aventuras, Rutas y Expediciones \u00abEVEREST 1985: The First Catalans to Reach the Summit\u00bb | Terres Festival","type":"rich","width":600,"height":338,"html":"<blockquote class=\"wp-embedded-content\" data-secret=\"LexNCmwyJf\"><a href=\"https:\/\/terresfestival.com\/es\/events\/adictas-a-ibiza-129-632-554-661\/\">Proyecci\u00f3n Documental \u00b7 Aventuras, Rutas y Expediciones \u00abEVEREST 1985: The First Catalans to Reach the Summit\u00bb<\/a><\/blockquote><iframe sandbox=\"allow-scripts\" security=\"restricted\" src=\"https:\/\/terresfestival.com\/es\/events\/adictas-a-ibiza-129-632-554-661\/embed\/#?secret=LexNCmwyJf\" width=\"600\" height=\"338\" title=\"\u00abProyecci\u00f3n Documental \u00b7 Aventuras, Rutas y Expediciones \u00abEVEREST 1985: The First Catalans to Reach the Summit\u00bb\u00bb \u2014 Terres Festival\" data-secret=\"LexNCmwyJf\" frameborder=\"0\" marginwidth=\"0\" marginheight=\"0\" scrolling=\"no\" class=\"wp-embedded-content\"><\/iframe><script type=\"text\/javascript\">\n\/* <![CDATA[ *\/\n\/*! This file is auto-generated *\/\n!function(d,l){\"use strict\";l.querySelector&&d.addEventListener&&\"undefined\"!=typeof URL&&(d.wp=d.wp||{},d.wp.receiveEmbedMessage||(d.wp.receiveEmbedMessage=function(e){var t=e.data;if((t||t.secret||t.message||t.value)&&!\/[^a-zA-Z0-9]\/.test(t.secret)){for(var s,r,n,a=l.querySelectorAll('iframe[data-secret=\"'+t.secret+'\"]'),o=l.querySelectorAll('blockquote[data-secret=\"'+t.secret+'\"]'),c=new RegExp(\"^https?:$\",\"i\"),i=0;i<o.length;i++)o[i].style.display=\"none\";for(i=0;i<a.length;i++)s=a[i],e.source===s.contentWindow&&(s.removeAttribute(\"style\"),\"height\"===t.message?(1e3<(r=parseInt(t.value,10))?r=1e3:~~r<200&&(r=200),s.height=r):\"link\"===t.message&&(r=new URL(s.getAttribute(\"src\")),n=new URL(t.value),c.test(n.protocol))&&n.host===r.host&&l.activeElement===s&&(d.top.location.href=t.value))}},d.addEventListener(\"message\",d.wp.receiveEmbedMessage,!1),l.addEventListener(\"DOMContentLoaded\",function(){for(var e,t,s=l.querySelectorAll(\"iframe.wp-embedded-content\"),r=0;r<s.length;r++)(t=(e=s[r]).getAttribute(\"data-secret\"))||(t=Math.random().toString(36).substring(2,12),e.src+=\"#?secret=\"+t,e.setAttribute(\"data-secret\",t)),e.contentWindow.postMessage({message:\"ready\",secret:t},\"*\")},!1)))}(window,document);\n\/\/# sourceURL=https:\/\/terresfestival.com\/wp-includes\/js\/wp-embed.min.js\n\/* ]]> *\/\n<\/script>\n","thumbnail_url":"https:\/\/terresfestival.com\/wp-content\/uploads\/sites\/3\/2026\/08\/20260915_1_Documental_1.jpg","thumbnail_width":960,"thumbnail_height":1200,"description":"\u00abEVEREST 1985: The First Catalans to Reach the Summit\u00bb (35\u2019) es el documental finalista de la Competici\u00f3n Oficial \u00b7 Aventuras, Rutas y Expediciones que recupera la historia de los primeros alpinistas catalanes que alcanzaron la cima del Everest en 1985. Cuarenta a\u00f1os despu\u00e9s, los protagonistas de aquella expedici\u00f3n se re\u00fanen para recordar aquella aventura, compartir [...]"}